{"id":171,"date":"2023-03-06T12:25:24","date_gmt":"2023-03-06T12:25:24","guid":{"rendered":"http:\/\/egemezunlar.com\/?page_id=171"},"modified":"2023-03-12T08:57:25","modified_gmt":"2023-03-12T08:57:25","slug":"ana-sayfa-2","status":"publish","type":"page","link":"http:\/\/egemezunlar.com\/index.php\/ana-sayfa-2\/","title":{"rendered":"Ana Sayfa"},"content":{"rendered":"<section><img loading=\"lazy\" src=\"http:\/\/egemezunlar.com\/wp-content\/uploads\/2023\/03\/eu-iletisim-fakultesi-mezunlarini-ugurladi.jpg\" alt=\"eu-iletisim-fakultesi-mezunlarini-ugurladi\" width=\"960\" height=\"560\" \/> <!-- aux-col-wrapper --><\/section>\r\n<!-- widget-container -->\r\n<p><\/p>\r\n<p>&nbsp;<\/p>\r\n<p><strong>Ege \u00dcniversitesi Mezunlar Derne\u011fi<\/strong>, 2001 y\u0131l\u0131nda kurularak mezunlar\u0131 ile \u00fcniversitesi ile aras\u0131ndaki k\u00f6pr\u00fcy\u00fc olu\u015fturmak \u00fczere \u00e7al\u0131\u015fmalar\u0131na ba\u015flam\u0131\u015ft\u0131r. Derne\u011fimiz t\u00fcz\u00fc\u011f\u00fcnde de yeralan ama\u00e7lar do\u011frultusunda e\u011fitime katk\u0131 faaliyetleri, sosyal \u00e7al\u0131\u015fmalar, k\u00fclt\u00fcrel etkinlikleri planlayarak ger\u00e7ekle\u015ftirmektedir.<\/p>\r\n<h2><strong>FAAL\u0130YETLER\u0130M\u0130Z<\/strong><\/h2>\r\n<ul>\r\n<li><strong>Ege \u00dcniversitesi \u00f6\u011frencilerimize y\u00f6nelik e\u011fitime katk\u0131lar i\u00e7in:<\/strong><\/li>\r\n<\/ul>\r\n<p><strong><a href=\"http:\/\/egemezunlar.com\/index.php\/about\/\" target=\"_blank\" rel=\"noopener\">E\u011ftime Katk\u0131<\/a> sayfam\u0131z\u0131 ziyaret edebilirsiniz.<\/strong><\/p>\r\n<ul>\r\n<li><strong>Mezunlar\u0131m\u0131z\u0131 Ege \u00dcniversitesi \u00d6\u011frencilerimizin e\u011fitime katk\u0131 vermek i\u00e7in ba\u011f\u0131\u015flar\u0131n\u0131z\u0131 bekliyoruz.<\/strong><\/li>\r\n<\/ul>\r\n<p><img loading=\"lazy\" class=\"alignnone size-medium wp-image-288\" src=\"http:\/\/egemezunlar.com\/wp-content\/uploads\/2023\/03\/WhatsApp-Image-2023-03-07-at-12.01.35-300x300.jpg\" alt=\"\" width=\"300\" height=\"300\" \/><\/p>\r\n<ul>\r\n<li><strong>Derne\u011fimiz yakla\u015f\u0131k 5 y\u0131ld\u0131r Otistik \u00c7ocuklar\u0131m\u0131z\u0131n dans e\u011fitimlerini planlanmas\u0131na ve koordinesine destek olup bu y\u0131l g\u00f6sterimiz 3 Nisan 2023 Saat 20:30&#8217;da Ahmed Adnan Saygun K\u00fclt\u00fcr Merkezinde sunulacakt\u0131r<\/strong><\/li>\r\n<\/ul>\r\n<p><img loading=\"lazy\" class=\"alignnone size-medium wp-image-300\" src=\"http:\/\/egemezunlar.com\/wp-content\/uploads\/2023\/03\/index-441x600.jpg\" alt=\"\" width=\"441\" height=\"600\" \/><\/p>\r\n<ul>\r\n<li><strong>Ege \u00dcniversitemize yeni kay\u0131t olan \u00f6\u011frencilerimize kay\u0131t g\u00fcn\u00fc a\u00e7\u0131lan standlar\u0131m\u0131z ile destek oluyoruz.<\/strong><\/li>\r\n<\/ul>\r\n<p><img loading=\"lazy\" class=\"alignnone size-medium wp-image-276\" src=\"http:\/\/egemezunlar.com\/wp-content\/uploads\/2023\/03\/1919398_1208704731589_1700028_n-300x300.jpg\" alt=\"\" width=\"300\" height=\"300\" srcset=\"http:\/\/egemezunlar.com\/wp-content\/uploads\/2023\/03\/1919398_1208704731589_1700028_n-300x300.jpg 300w, http:\/\/egemezunlar.com\/wp-content\/uploads\/2023\/03\/1919398_1208704731589_1700028_n-150x150.jpg 150w\" sizes=\"(max-width: 300px) 100vw, 300px\" \/>\u00a0 <img loading=\"lazy\" class=\"alignnone size-medium wp-image-277\" src=\"http:\/\/egemezunlar.com\/wp-content\/uploads\/2023\/03\/1919398_1208704771590_3784210_n-300x300.jpg\" alt=\"\" width=\"300\" height=\"300\" srcset=\"http:\/\/egemezunlar.com\/wp-content\/uploads\/2023\/03\/1919398_1208704771590_3784210_n-300x300.jpg 300w, http:\/\/egemezunlar.com\/wp-content\/uploads\/2023\/03\/1919398_1208704771590_3784210_n-150x150.jpg 150w\" sizes=\"(max-width: 300px) 100vw, 300px\" \/> <img loading=\"lazy\" class=\"alignnone size-medium wp-image-279\" src=\"http:\/\/egemezunlar.com\/wp-content\/uploads\/2023\/03\/1919398_1208704811591_1794334_n-300x300.jpg\" alt=\"\" width=\"300\" height=\"300\" srcset=\"http:\/\/egemezunlar.com\/wp-content\/uploads\/2023\/03\/1919398_1208704811591_1794334_n-300x300.jpg 300w, http:\/\/egemezunlar.com\/wp-content\/uploads\/2023\/03\/1919398_1208704811591_1794334_n-150x150.jpg 150w\" sizes=\"(max-width: 300px) 100vw, 300px\" \/><\/p>\r\n<ul>\r\n<li><strong>Yeni Mezunlar\u0131m\u0131z\u0131 mezuniyet g\u00fcn\u00fcnde Derne\u011fimize \u00fcye olmay\u0131 bekliyoruz.<\/strong><\/li>\r\n<\/ul>\r\n<p><img loading=\"lazy\" class=\"alignnone size-medium wp-image-278\" src=\"http:\/\/egemezunlar.com\/wp-content\/uploads\/2023\/03\/10399835_1195166913152_5543960_n-300x300.jpg\" alt=\"\" width=\"300\" height=\"300\" srcset=\"http:\/\/egemezunlar.com\/wp-content\/uploads\/2023\/03\/10399835_1195166913152_5543960_n-300x300.jpg 300w, http:\/\/egemezunlar.com\/wp-content\/uploads\/2023\/03\/10399835_1195166913152_5543960_n-150x150.jpg 150w\" sizes=\"(max-width: 300px) 100vw, 300px\" \/><\/p>\r\n<ul>\r\n<li><strong>Mezunlar\u0131m\u0131z\u0131n olu\u015fturdu\u011fu Halk Danslar\u0131 Toplulu\u011fu Ahmed Adnan Saygun K\u00fclt\u00fcr Merkezinde Sunumlar\u0131n\u0131 ger\u00e7ekle\u015ftirdi.<\/strong><\/li>\r\n<\/ul>\r\n<p><img loading=\"lazy\" class=\"size-medium wp-image-280 alignleft\" src=\"http:\/\/egemezunlar.com\/wp-content\/uploads\/2023\/03\/13443286_10207917994721573_361082943921504466_o-300x300.jpg\" alt=\"\" width=\"300\" height=\"300\" srcset=\"http:\/\/egemezunlar.com\/wp-content\/uploads\/2023\/03\/13443286_10207917994721573_361082943921504466_o-300x300.jpg 300w, http:\/\/egemezunlar.com\/wp-content\/uploads\/2023\/03\/13443286_10207917994721573_361082943921504466_o-150x150.jpg 150w\" sizes=\"(max-width: 300px) 100vw, 300px\" \/><\/p>\r\n<p>&nbsp;<\/p>\r\n<p><img loading=\"lazy\" class=\"size-medium wp-image-281 alignleft\" src=\"http:\/\/egemezunlar.com\/wp-content\/uploads\/2023\/03\/13342970_10207770402391857_155212553467810077_n-300x300.jpg\" alt=\"\" width=\"300\" height=\"300\" srcset=\"http:\/\/egemezunlar.com\/wp-content\/uploads\/2023\/03\/13342970_10207770402391857_155212553467810077_n-300x300.jpg 300w, http:\/\/egemezunlar.com\/wp-content\/uploads\/2023\/03\/13342970_10207770402391857_155212553467810077_n-150x150.jpg 150w\" sizes=\"(max-width: 300px) 100vw, 300px\" \/> <img loading=\"lazy\" class=\"alignnone size-medium wp-image-282\" src=\"http:\/\/egemezunlar.com\/wp-content\/uploads\/2023\/03\/13323273_10207770402791867_1105506370500541194_o-300x300.jpg\" alt=\"\" width=\"300\" height=\"300\" srcset=\"http:\/\/egemezunlar.com\/wp-content\/uploads\/2023\/03\/13323273_10207770402791867_1105506370500541194_o-300x300.jpg 300w, http:\/\/egemezunlar.com\/wp-content\/uploads\/2023\/03\/13323273_10207770402791867_1105506370500541194_o-150x150.jpg 150w\" sizes=\"(max-width: 300px) 100vw, 300px\" \/><\/p>\r\n<ul>\r\n<li><strong>Mezunlar\u0131m\u0131z Halk Danslar\u0131 Toplulu\u011fu Ailecek \u00e7al\u0131\u015fmalar\u0131n\u0131 s\u00fcrd\u00fcr\u00fcyorlar<\/strong><\/li>\r\n<\/ul>\r\n<p><img loading=\"lazy\" class=\"alignnone size-medium wp-image-284\" src=\"http:\/\/egemezunlar.com\/wp-content\/uploads\/2023\/03\/14523216_10154505951588895_1526832294145221465_n-300x300.jpg\" alt=\"\" width=\"300\" height=\"300\" srcset=\"http:\/\/egemezunlar.com\/wp-content\/uploads\/2023\/03\/14523216_10154505951588895_1526832294145221465_n-300x300.jpg 300w, http:\/\/egemezunlar.com\/wp-content\/uploads\/2023\/03\/14523216_10154505951588895_1526832294145221465_n-150x150.jpg 150w\" sizes=\"(max-width: 300px) 100vw, 300px\" \/><\/p>\r\n<ul>\r\n<li><strong>Mezunlar gezimizden<\/strong><\/li>\r\n<\/ul>\r\n<p><img loading=\"lazy\" class=\"alignnone size-medium wp-image-285\" src=\"http:\/\/egemezunlar.com\/wp-content\/uploads\/2023\/03\/25074944_10212516728127034_927176215869750966_o-300x300.jpg\" alt=\"\" width=\"300\" height=\"300\" srcset=\"http:\/\/egemezunlar.com\/wp-content\/uploads\/2023\/03\/25074944_10212516728127034_927176215869750966_o-300x300.jpg 300w, http:\/\/egemezunlar.com\/wp-content\/uploads\/2023\/03\/25074944_10212516728127034_927176215869750966_o-150x150.jpg 150w, http:\/\/egemezunlar.com\/wp-content\/uploads\/2023\/03\/25074944_10212516728127034_927176215869750966_o-768x768.jpg 768w\" sizes=\"(max-width: 300px) 100vw, 300px\" \/><\/p>\r\n<p>&nbsp;<\/p>\r\n<p>&nbsp;<\/p>\r\n<p>\r\n\r\n<\/p>\r\n<p>\r\n\r\n<\/p>\r\n<p>.<\/p>\r\n<p>\r\n\r\n<\/p>\r\n<p>\r\n\r\n<\/p>\r\n<p>&nbsp;<\/p>\r\n<p><\/p>\r\n<p>&nbsp;<\/p>","protected":false},"excerpt":{"rendered":"<p>&nbsp; Ege \u00dcniversitesi Mezunlar Derne\u011fi, 2001 y\u0131l\u0131nda kurularak mezunlar\u0131 ile \u00fcniversitesi ile aras\u0131ndaki k\u00f6pr\u00fcy\u00fc olu\u015fturmak \u00fczere \u00e7al\u0131\u015fmalar\u0131na ba\u015flam\u0131\u015ft\u0131r. Derne\u011fimiz t\u00fcz\u00fc\u011f\u00fcnde de yeralan ama\u00e7lar do\u011frultusunda e\u011fitime katk\u0131 faaliyetleri, sosyal \u00e7al\u0131\u015fmalar, k\u00fclt\u00fcrel etkinlikleri planlayarak ger\u00e7ekle\u015ftirmektedir. FAAL\u0130YETLER\u0130M\u0130Z Ege \u00dcniversitesi \u00f6\u011frencilerimize y\u00f6nelik e\u011fitime katk\u0131lar i\u00e7in: E\u011ftime Katk\u0131 sayfam\u0131z\u0131 ziyaret edebilirsiniz. Mezunlar\u0131m\u0131z\u0131 Ege \u00dcniversitesi \u00d6\u011frencilerimizin e\u011fitime katk\u0131 vermek i\u00e7in ba\u011f\u0131\u015flar\u0131n\u0131z\u0131 [&hellip;]<\/p>\n","protected":false},"author":1,"featured_media":0,"parent":0,"menu_order":0,"comment_status":"closed","ping_status":"open","template":"","meta":[],"_links":{"self":[{"href":"http:\/\/egemezunlar.com\/index.php\/wp-json\/wp\/v2\/pages\/171"}],"collection":[{"href":"http:\/\/egemezunlar.com\/index.php\/wp-json\/wp\/v2\/pages"}],"about":[{"href":"http:\/\/egemezunlar.com\/index.php\/wp-json\/wp\/v2\/types\/page"}],"author":[{"embeddable":true,"href":"http:\/\/egemezunlar.com\/index.php\/wp-json\/wp\/v2\/users\/1"}],"replies":[{"embeddable":true,"href":"http:\/\/egemezunlar.com\/index.php\/wp-json\/wp\/v2\/comments?post=171"}],"version-history":[{"count":10,"href":"http:\/\/egemezunlar.com\/index.php\/wp-json\/wp\/v2\/pages\/171\/revisions"}],"predecessor-version":[{"id":302,"href":"http:\/\/egemezunlar.com\/index.php\/wp-json\/wp\/v2\/pages\/171\/revisions\/302"}],"wp:attachment":[{"href":"http:\/\/egemezunlar.com\/index.php\/wp-json\/wp\/v2\/media?parent=171"}],"curies":[{"name":"wp","href":"https:\/\/api.w.org\/{rel}","templated":true}]}}